{"id":564,"date":"2025-02-18T10:32:29","date_gmt":"2025-02-18T09:32:29","guid":{"rendered":"https:\/\/sarahho.fr\/?page_id=564"},"modified":"2025-12-12T11:23:58","modified_gmt":"2025-12-12T10:23:58","slug":"agenda","status":"publish","type":"page","link":"https:\/\/sarahho.fr\/index.php\/agenda\/","title":{"rendered":"Agenda"},"content":{"rendered":"\n<figure class=\"wp-block-table alignwide\"><table class=\"has-fixed-layout\"><tbody><tr><td class=\"has-text-align-left\" data-align=\"left\"><strong>Dates<\/strong><\/td><td class=\"has-text-align-left\" data-align=\"left\"><strong>Ev\u00e8nements<\/strong><\/td><td class=\"has-text-align-left\" data-align=\"left\"><strong>Lieux<\/strong><\/td><td>NOTES<\/td><\/tr><tr><td class=\"has-text-align-left\" data-align=\"left\">13 &amp; 14 d\u00e9cembre 2025<\/td><td class=\"has-text-align-left\" data-align=\"left\">Vente de No\u00ebl<\/td><td class=\"has-text-align-left\" data-align=\"left\">Centre culturel des minimes, Toulouse<\/td><td><\/td><\/tr><tr><td class=\"has-text-align-left\" data-align=\"left\">6 d\u00e9cembre 2025<\/td><td class=\"has-text-align-left\" data-align=\"left\">D\u00e9monstration de tissage en lien avec l&rsquo;expo Henry Georges Adam<\/td><td class=\"has-text-align-left\" data-align=\"left\">Mus\u00e9e des arts pr\u00e9cieux, Paul Dupuy \u00e0 Toulouse<\/td><td><\/td><\/tr><tr><td class=\"has-text-align-left\" data-align=\"left\">du 27 au 30 novembre 2025<\/td><td class=\"has-text-align-left\" data-align=\"left\">Salon FRAGMENTS #5<\/td><td class=\"has-text-align-left\" data-align=\"left\">H\u00f4tel de la Grave, Toulouse<\/td><td><\/td><\/tr><tr><td class=\"has-text-align-left\" data-align=\"left\">OCT\/NOV 2025<\/td><td class=\"has-text-align-left\" data-align=\"left\">Expositions<\/td><td class=\"has-text-align-left\" data-align=\"left\">Boutique ateliers Gestes, 69 rue de la Colombette<\/td><td><a href=\"https:\/\/www.ateliergestes.com\/\">plus d&rsquo;info<\/a><\/td><\/tr><tr><td class=\"has-text-align-left\" data-align=\"left\">11 &amp; 12 octobre<\/td><td class=\"has-text-align-left\" data-align=\"left\">Exposition <em>Fragilit\u00e9s, comme forces discr\u00e8tes<\/em><\/td><td class=\"has-text-align-left\" data-align=\"left\">Cit\u00e9 de Sor\u00e8ze<\/td><td>Exposition et table ronde \u00e0 l&rsquo;occasion du Salon Mati\u00e8res<\/td><\/tr><tr><td class=\"has-text-align-left\" data-align=\"left\">1-6 <strong>Mars<\/strong> <\/td><td class=\"has-text-align-left\" data-align=\"left\">JEMA -Journ\u00e9es Europ\u00e9ennes des m\u00e9tiers d&rsquo;art<\/td><td class=\"has-text-align-left\" data-align=\"left\">Abbaye de Sor\u00e8ze<\/td><td>D\u00e9monstration de tissage \u00e0 l&rsquo;occasion des journ\u00e9es portes ouverte du mus\u00e9e DOM ROBERT<\/td><\/tr><tr><td class=\"has-text-align-left\" data-align=\"left\">11-12-13 <strong>Avril<\/strong><\/td><td class=\"has-text-align-left\" data-align=\"left\">JMA &#8211; Journ\u00e9es Mondiales de l&rsquo;art<\/td><td class=\"has-text-align-left\" data-align=\"left\">Village de Montolieu<\/td><td>Journ\u00e9e portes ouverte des ateliers d&rsquo;artistes de Montolieu<\/td><\/tr><\/tbody><\/table><\/figure>\n\n\n\n<p><\/p>\n","protected":false},"excerpt":{"rendered":"<p>Dates Ev\u00e8nements Lieux NOTES 13 &amp; 14 d\u00e9cembre 2025 Vente de No\u00ebl Centre culturel des minimes, Toulouse 6 d\u00e9cembre 2025 D\u00e9monstration de tissage en lien avec l&rsquo;expo Henry Georges Adam Mus\u00e9e des arts pr\u00e9cieux, Paul Dupuy \u00e0 Toulouse du 27 au 30 novembre 2025 Salon FRAGMENTS #5 H\u00f4tel de la Grave, Toulouse OCT\/NOV 2025 Expositions [&hellip;]<\/p>\n","protected":false},"author":1,"featured_media":0,"parent":0,"menu_order":0,"comment_status":"closed","ping_status":"closed","template":"","meta":{"footnotes":""},"class_list":["post-564","page","type-page","status-publish","hentry"],"_links":{"self":[{"href":"https:\/\/sarahho.fr\/index.php\/wp-json\/wp\/v2\/pages\/564","targetHints":{"allow":["GET"]}}],"collection":[{"href":"https:\/\/sarahho.fr\/index.php\/wp-json\/wp\/v2\/pages"}],"about":[{"href":"https:\/\/sarahho.fr\/index.php\/wp-json\/wp\/v2\/types\/page"}],"author":[{"embeddable":true,"href":"https:\/\/sarahho.fr\/index.php\/wp-json\/wp\/v2\/users\/1"}],"replies":[{"embeddable":true,"href":"https:\/\/sarahho.fr\/index.php\/wp-json\/wp\/v2\/comments?post=564"}],"version-history":[{"count":3,"href":"https:\/\/sarahho.fr\/index.php\/wp-json\/wp\/v2\/pages\/564\/revisions"}],"predecessor-version":[{"id":980,"href":"https:\/\/sarahho.fr\/index.php\/wp-json\/wp\/v2\/pages\/564\/revisions\/980"}],"wp:attachment":[{"href":"https:\/\/sarahho.fr\/index.php\/wp-json\/wp\/v2\/media?parent=564"}],"curies":[{"name":"wp","href":"https:\/\/api.w.org\/{rel}","templated":true}]}}